{"id":83,"date":"2022-06-14T17:21:54","date_gmt":"2022-06-14T15:21:54","guid":{"rendered":"https:\/\/mpobielsk.pl\/bip\/?page_id=83"},"modified":"2024-10-20T21:13:13","modified_gmt":"2024-10-20T19:13:13","slug":"klauzula-informacyjna","status":"publish","type":"page","link":"https:\/\/mpobielsk.pl\/bip\/klauzula-informacyjna\/","title":{"rendered":"Klauzula informacyjna g\u0142\u00f3wna"},"content":{"rendered":"<p>Stosuj\u0105c si\u0119 do art. 13 ust. 1 i 2 Rozporz\u0105dzenia Parlamentu Europejskiego i Rady (UE) 2016\/679 z dnia 27 kwietnia 2016 roku w sprawie ochrony os\u00f3b fizycznych w zwi\u0105zku z przetwarzaniem danych osobowych i w sprawie swobodnego przep\u0142ywu takich danych oraz uchylenia dyrektywy 95\/46\/WE, dalej r\u00f3wnie\u017c jako \u201eRODO\u201d, informujemy, i\u017c:<\/p>\n<ol>\n<li>Administratorem Pa\u0144stwa danych osobowych jest <strong>Miejskie Przedsi\u0119biorstwo Oczyszczania Sp. z o. o. <\/strong>z siedzib\u0105 17-100 Bielsk Podlaski ul. Studziwodzka 37, NIP: 5432187976 REGON: 384652788, dalej zwana \u201eAdministratorem\u201d.<\/li>\n<li>Dane kontaktowe Inspektora ochrony danych osobowych: <a href=\"mailto:iod.r.andrzejewski@szkoleniaprawnicze.com.pl\">iod.r.andrzejewski@szkoleniaprawnicze.com.pl<\/a> lub pisemnie na adres Administratora danych.<\/li>\n<li>Pa\u0144stwa dane b\u0119dziemy przetwarza\u0107 w celach:\n<ol>\n<li>wype\u0142niania obowi\u0105zk\u00f3w prawnych i zada\u0144 publicznych ci\u0105\u017c\u0105cych na Administratorze wyszczeg\u00f3lnionych w umowie sp\u00f3\u0142ki, kt\u00f3re s\u0105 wykonywane w celu zaspokajania zbiorowych potrzeb mieszka\u0144c\u00f3w Gminy Miejskiej w Bielsku Podlaskim w zakresie zadania w\u0142asnego gminy obejmuj\u0105cego utrzymanie czysto\u015bci i porz\u0105dku, wysypisk i unieszkodliwiania odpad\u00f3w komunalnych \u2013 na podstawie art. 6 ust. 1 lit. c i e RODO w zw. z ustaw\u0105 z dnia 27 sierpnia 2009 roku o finansach publicznych; ustaw\u0105 z dnia 8 marca 1990 roku o samorz\u0105dzie gminnym; ustaw\u0105 z dnia 20 grudnia 1996 roku o gospodarce komunalnej; ustaw\u0105 z dnia 15 wrze\u015bnia 2000 r. Kodeks sp\u00f3\u0142ek handlowych oraz innymi w\u0142a\u015bciwymi aktami prawnymi;<\/li>\n<li>w celach zwi\u0105zanych z zawarciem\/realizacj\u0105 umowy dotycz\u0105cej \u015bwiadczonych przez nas us\u0142ug lub z naszymi kontrahentami, zgodnie z zasad\u0105, kt\u00f3ra stanowi, i\u017c przetwarzanie jest zgodne z prawem, je\u015bli jest niezb\u0119dne w celu realizacji umowy i wi\u0105\u017ce si\u0119 z podj\u0119ciem dzia\u0142a\u0144 tak\u017ce przed jej zawarciem (art. 6 ust.1 lit. b RODO &#8211; przetwarzanie jest niezb\u0119dne do wykonania umowy, kt\u00f3rej stron\u0105 jest osoba, kt\u00f3rej dane dotycz\u0105); a tak\u017ce w celach potransakcyjnych (reklamacyjnych itp.) na podstawie art. 6 ust. 1 lit. c i b RODO;<\/li>\n<li>je\u017celi zwr\u00f3cisz si\u0119 do nas ze skarg\u0105, wnioskiem lub jak\u0105kolwiek inn\u0105 korespondencj\u0105 b\u0119dziemy w\u00f3wczas przetwarza\u0107 Twoje dane osobowe na gruncie art. 6 ust. 1 lit. c RODO. Przes\u0142anka ta b\u0119dzie mia\u0142a zastosowanie tak\u017ce w\u00f3wczas, kiedy zwr\u00f3cisz si\u0119 do nas z wnioskiem o dost\u0119p do informacji publicznej;<\/li>\n<li>kontaktowych poprzez adres e-mail, numer telefonu. Wyja\u015bniamy, i\u017c co do zasady podanie danych dodatkowych (\u201enieobowi\u0105zkowych\u201d) mo\u017ce by\u0107 to np. adres e-mail czy numer telefonu odbywa si\u0119 na podstawie pa\u0144stwa zgody (art. 6 ust. 1 lit. a RODO). Podanie tych danych we wniosku stanowi Pani\/Pana zgod\u0119 na ich przetwarzanie przez administratora.<\/li>\n<li>monitorowania zaleg\u0142o\u015bci; dochodzenia\/obrony przed roszczeniami; dowodowych (wykazania istnienia fakt\u00f3w w razie potrzeby); zapewnienie bezpiecze\u0144stwa danych przetwarzanych w systemach informatycznych, co jest naszym prawnie uzasadnionym interesem \u2013 na podstawie art. 6 ust. 1 lit. f RODO;<\/li>\n<li>wype\u0142niania innych obowi\u0105zk\u00f3w prawnych na\u0142o\u017conych na Administratora, m.in. zwi\u0105zanych z rachunkowo\u015bci\u0105 podatkami itp. (na podstawie art. 6 ust. 1 lit. c RODO);<\/li>\n<li>archiwalnych \u2013 po ustaniu celu pierwotnego, kontrolnych, na podstawie art. 6 ust. 1 lit. c RODO w zw. z ustaw\u0105 z dnia 14 lipca 1983 r. o narodowym zasobie archiwalnym i archiwach, Rozporz\u0105dzeniem Prezesa Rady Ministr\u00f3w z dnia 18 stycznia 2011 r. w sprawie instrukcji kancelaryjnej, jednolitych rzeczowych wykaz\u00f3w akt oraz instrukcji w sprawie organizacji\u00a0 i zakresu dzia\u0142ania archiw\u00f3w zak\u0142adowych.<\/li>\n<\/ol>\n<\/li>\n<li>Informacja o odbiorcach danych osobowych, odbiorcami Pani\/Pana danych osobowych mog\u0105 by\u0107:\n<ol>\n<li>organy w\u0142adzy publicznej oraz podmioty wykonuj\u0105ce zadania publiczne lub dzia\u0142aj\u0105ce na zlecenie organ\u00f3w w\u0142adzy publicznej, w zakresie i w celach, kt\u00f3re wynikaj\u0105 z przepis\u00f3w powszechnie obowi\u0105zuj\u0105cego prawa;<\/li>\n<li>inne podmioty, kt\u00f3re na podstawie stosownych um\u00f3w podpisanych z Administratorem lub w oparciu o inny instrument prawny przetwarzaj\u0105 dane osobowe na zlecenie Administratora, chodzi g\u0142ownie o obs\u0142ug\u0119 z zakresu ochrony danych osobowych, IT, informatyczn\u0105, z zakresu niszczenia dokument\u00f3w;<\/li>\n<li>inni odbiorcy, kt\u00f3rym s\u0105 udost\u0119pnianie dane osobowe, np. obs\u0142uga prawna; Krajowy Rejestr D\u0142u\u017cnik\u00f3w, o ile b\u0119d\u0105 przes\u0142anki.<\/li>\n<\/ol>\n<\/li>\n<li><strong>Okres przez kt\u00f3ry Pa\u0144stwa dane osobowe b\u0119d\u0105 przechowywane<\/strong>\n<ol>\n<li>Przetwarzamy dane osobowe, przez okres niezb\u0119dny wynikaj\u0105cy z przepis\u00f3w prawa oraz okre\u015blony w naszych przepisach wewn\u0119trznych (tzw. instrukcja kancelaryjna):<\/li>\n<li>na potrzeby rachunkowo\u015bci oraz ze wzgl\u0119d\u00f3w podatkowych, b\u0119dziemy je przetwarza\u0107 tak d\u0142ugo jak b\u0119dziemy do tego zobligowani przepisem prawa. Na gruncie obecnych przepis\u00f3w jest to maksymalnie okres 5 lat liczonych od ko\u0144ca roku kalendarzowego, w kt\u00f3rym powsta\u0142 obowi\u0105zek podatkowy;<\/li>\n<li>je\u017celi dane osobowe b\u0119d\u0105 przetwarzane przez nas w celu dochodzenia roszcze\u0144 (w tym w post\u0119powaniach windykacyjnych) b\u0119dziemy je mogli przetwarza\u0107 w tym celu przez okres przedawnienia roszcze\u0144;<\/li>\n<li>je\u017celi wyrazisz nam zgod\u0119 na przetwarzanie danych osobowych do okre\u015blonych cel\u00f3w, w\u00f3wczas b\u0119dziemy je przetwarza\u0107 do czasu odwo\u0142ania zgody lub do momentu realizacji celu, w kt\u00f3rym zgoda zosta\u0142a odebrana.<\/li>\n<\/ol>\n<\/li>\n<li><strong>Informujemy<\/strong>, i\u017c maj\u0105 Pa\u0144stwo prawo do:\n<ol>\n<li>na podstawie art. 15 RODO prawo dost\u0119pu do danych osobowych Pani\/Pana dotycz\u0105cych, w tym prawo do uzyskania kopii danych;<\/li>\n<li>na podstawie art. 16 RODO prawo do \u017c\u0105dania sprostowania (poprawienia) danych osobowych;<\/li>\n<li>prawo do usuni\u0119cia danych \u2013 przys\u0142uguje w ramach przes\u0142anek i na warunkach okre\u015blonych w art. 17 RODO, tj. w przypadku gdy:\n<ul>\n<li>dane nie s\u0105 ju\u017c niezb\u0119dne do cel\u00f3w, dla kt\u00f3rych by\u0142y zebrane lub w inny spos\u00f3b przetwarzane,<\/li>\n<li>osoba, kt\u00f3rej dane dotycz\u0105, wnios\u0142a sprzeciw wobec przetwarzania danych osobowych,<\/li>\n<li>osoba, kt\u00f3rej dane dotycz\u0105 wycofa\u0142a zgod\u0119 na przetwarzanie danych osobowych, kt\u00f3ra jest podstaw\u0105 przetwarzania danych i nie ma innej podstawy prawnej przetwarzania danych,<\/li>\n<li>dane osobowe przetwarzane s\u0105 niezgodnie z prawem,<\/li>\n<li>dane osobowe musz\u0105 by\u0107 usuni\u0119te w celu wywi\u0105zania si\u0119 z obowi\u0105zku wynikaj\u0105cego z przepis\u00f3w prawa;<\/li>\n<\/ul>\n<\/li>\n<li>prawo ograniczenia przetwarzania \u2013 przys\u0142uguje w ramach przes\u0142anek i na warunkach okre\u015blonych w art. 18 RODO, tj. przypadku, gdy:\n<ul>\n<li>osoba, kt\u00f3rej dane dotycz\u0105 kwestionuje prawid\u0142owo\u015b\u0107 danych osobowych,<\/li>\n<li>przetwarzanie danych jest niezgodne z prawem, a osoba, kt\u00f3rej dane dotycz\u0105, sprzeciwia si\u0119 usuni\u0119ciu danych, \u017c\u0105daj\u0105c w zamian ich ograniczenia,<\/li>\n<li>Administrator nie potrzebuje ju\u017c danych dla swoich cel\u00f3w, ale osoba, kt\u00f3rej dane dotycz\u0105, potrzebuje ich do ustalenia, obrony lub dochodzenia roszcze\u0144,<\/li>\n<li>osoba, kt\u00f3rej dane dotycz\u0105, wnios\u0142a sprzeciw wobec przetwarzania danych, do czasu ustalenia czy prawnie uzasadnione podstawy po stronie administratora s\u0105 nadrz\u0119dne wobec podstawy sprzeciwu;<\/li>\n<\/ul>\n<\/li>\n<li>prawo do przenoszenia danych osobowych \u2013 przys\u0142uguje w ramach przes\u0142anek i na warunkach okre\u015blonych w art. 20 RODO, w przypadku gdy:\n<ul>\n<li>przetwarzanie danych odbywa si\u0119 na podstawie umowy zawartej z osob\u0105, kt\u00f3rej dane dotycz\u0105 lub na podstawie zgody wyra\u017conej przez t\u0105 osob\u0119,<\/li>\n<li>przetwarzanie odbywa si\u0119 w spos\u00f3b zautomatyzowany;<\/li>\n<\/ul>\n<\/li>\n<li>prawo wniesienia sprzeciwu wobec przetwarzania \u2013 przys\u0142uguje w ramach przes\u0142anek i na warunkach okre\u015blonych w art. 21 RODO;<\/li>\n<li>prawo wniesienia skargi do organu nadzorczego (Prezes Urz\u0119du Ochrony Danych Osobowych);<\/li>\n<li>cofni\u0119cia zgody na przetwarzanie danych osobowych (ale tylko w stosunku do danych osobowych kt\u00f3re s\u0105 przetwarzane na podstawie Pani\/Pana zgody \u2013 ma Pan\/Pani prawo w dowolnym momencie wycofa\u0107 zgod\u0119 na przetwarzanie danych osobowych. Wycofanie zgody nie wp\u0142ywa na zgodno\u015b\u0107 z prawem przetwarzania, kt\u00f3rego dokonano na podstawie zgody przed jej wycofaniem. Wycofanie zgody mo\u017ce zosta\u0107 dokonane w takiej samej formie, w jakiej zosta\u0142a udzielona zgoda).<\/li>\n<\/ol>\n<\/li>\n<li>Pa\u0144stwa dane osobowe <strong>nie podlegaj\u0105<\/strong> zautomatyzowanemu podejmowaniu decyzji, w tym profilowaniu.<\/li>\n<li>Podanie danych osobowych ma charakter obowi\u0105zkowy, je\u017celi podstaw\u0119 przetwarzania danych osobowych stanowi przepis prawa. W pozosta\u0142ym zakresie jest to dobrowolne, jednak w okre\u015blnych sytuacjach konieczne do realizacji celu przetwarzania, np. w celu zawarcia umowy podanie danych jest warunkiem jej zawarcia i realizacji. Niepodanie danych mo\u017ce uniemo\u017cliwi\u0107 realizacj\u0119 okre\u015blonych cel\u00f3w np. realizacji zada\u0144 statutowych, zawarcie<\/li>\n<\/ol>\n<p><strong>Tutaj dowiesz si\u0119 wi\u0119cej na temat prawa do wniesienia sprzeciwu wobec przetwarzania danych:<\/strong><\/p>\n<p>Przys\u0142uguje Pani\/Panu prawo do wniesienia sprzeciwu, w przypadku gdy:<\/p>\n<p>\u2022\u00a0\u00a0\u00a0\u00a0\u00a0\u00a0\u00a0\u00a0\u00a0 zaistniej\u0105 przyczyny zwi\u0105zane z Pani\/Pana szczeg\u00f3ln\u0105 sytuacj\u0105, w przypadku przetwarzania danych na podstawie zadania realizowanego w interesie publicznym lub w ramach sprawowania w\u0142adzy publicznej przez Administratora,<\/p>\n<p>\u2022\u00a0\u00a0\u00a0\u00a0\u00a0\u00a0\u00a0\u00a0\u00a0 przetwarzanie jest niezb\u0119dne do cel\u00f3w wynikaj\u0105cych z prawnie uzasadnionych interes\u00f3w realizowanych przez Administratora lub przez stron\u0119 trzeci\u0105, z wyj\u0105tkiem sytuacji, w kt\u00f3rych nadrz\u0119dny charakter wobec tych interes\u00f3w maj\u0105 interesy lub podstawowe prawa i wolno\u015bci osoby, kt\u00f3rej dane dotycz\u0105, wymagaj\u0105ce ochrony danych osobowych, w szczeg\u00f3lno\u015bci gdy osoba, kt\u00f3rej dane dotycz\u0105 jest dzieckiem.<\/p>\n<p>&nbsp;<\/p>\n<p><strong>\u00a0<\/strong><\/p>\n<p>&nbsp;<\/p>\n<p>&nbsp;<\/p>\n<p>&nbsp;<\/p>\n<p>&nbsp;<\/p>\n","protected":false},"excerpt":{"rendered":"<p>Stosuj\u0105c si\u0119 do art. 13 ust. 1 i 2 Rozporz\u0105dzenia Parlamentu Europejskiego i Rady (UE) 2016\/679 z dnia 27 kwietnia 2016 roku w sprawie ochrony os\u00f3b fizycznych w zwi\u0105zku z przetwarzaniem danych osobowych i w sprawie swobodnego przep\u0142ywu takich danych oraz uchylenia dyrektywy 95\/46\/WE, dalej r\u00f3wnie\u017c jako \u201eRODO\u201d, informujemy, i\u017c: Administratorem Pa\u0144stwa danych osobowych jest &hellip; <a href=\"https:\/\/mpobielsk.pl\/bip\/klauzula-informacyjna\/\" class=\"more-link\">Czytaj dalej <span class=\"screen-reader-text\">Klauzula informacyjna g\u0142\u00f3wna<\/span><\/a><\/p>\n","protected":false},"author":1,"featured_media":0,"parent":0,"menu_order":1,"comment_status":"closed","ping_status":"closed","template":"","meta":{"footnotes":""},"class_list":["post-83","page","type-page","status-publish","hentry"],"_links":{"self":[{"href":"https:\/\/mpobielsk.pl\/bip\/wp-json\/wp\/v2\/pages\/83","targetHints":{"allow":["GET"]}}],"collection":[{"href":"https:\/\/mpobielsk.pl\/bip\/wp-json\/wp\/v2\/pages"}],"about":[{"href":"https:\/\/mpobielsk.pl\/bip\/wp-json\/wp\/v2\/types\/page"}],"author":[{"embeddable":true,"href":"https:\/\/mpobielsk.pl\/bip\/wp-json\/wp\/v2\/users\/1"}],"replies":[{"embeddable":true,"href":"https:\/\/mpobielsk.pl\/bip\/wp-json\/wp\/v2\/comments?post=83"}],"version-history":[{"count":5,"href":"https:\/\/mpobielsk.pl\/bip\/wp-json\/wp\/v2\/pages\/83\/revisions"}],"predecessor-version":[{"id":269,"href":"https:\/\/mpobielsk.pl\/bip\/wp-json\/wp\/v2\/pages\/83\/revisions\/269"}],"wp:attachment":[{"href":"https:\/\/mpobielsk.pl\/bip\/wp-json\/wp\/v2\/media?parent=83"}],"curies":[{"name":"wp","href":"https:\/\/api.w.org\/{rel}","templated":true}]}}